{"id":356665,"date":"2026-08-29T16:51:59","date_gmt":"2026-08-29T14:51:59","guid":{"rendered":"https:\/\/lucickymlyn.cz\/?post_type=product&#038;p=356665"},"modified":"2026-08-29T19:26:03","modified_gmt":"2026-08-29T17:26:03","slug":"starozitny-historizujici-ram-bronzova-patina-akantove-rohy-19-stoleti","status":"publish","type":"product","link":"https:\/\/lucickymlyn.cz\/pl\/shop\/starozitny-historizujici-ram-bronzova-patina-akantove-rohy-19-stoleti\/","title":{"rendered":"Stup\u0148ovit\u011b profilovan\u00fd a plasticky ztv\u00e1rn\u011bn\u00fd staro\u017eitn\u00fd bronzov\u011b patinovan\u00fd r\u00e1m ozdoben\u00fd v historizuj\u00edc\u00edm klasick\u00e9m stylu vhodn\u00fd pro obraz \u010di zrcadlo &#8211; z\u00e1v\u011br 19. stol."},"content":{"rendered":"","protected":false},"excerpt":{"rendered":"<p>St\u0159edn\u011b velk\u00fd obrazov\u00fd nebo zrcadlov\u00fd r\u00e1m m\u00e1 bohat\u011b skl\u00e1danou profilaci sest\u00e1vaj\u00edc\u00ed z rozli\u010dn\u00fdch plasticky zdoben\u00fdch, vystoupl\u00fdch nebo naopak tla\u010den\u00fdch p\u00e1sov\u00fdch vzor\u016f, je\u017e r\u00e1mu dod\u00e1vaj\u00ed reprezentativn\u00ed, a\u017e salonn\u00ed charakter. Vn\u011bj\u0161\u00ed p\u0159ev\u00fd\u0161en\u00fd okraj plasticky zdob\u00ed p\u00e1sov\u00fd, flor\u00e1ln\u011b ornament\u00e1ln\u00ed reli\u00e9f. Naopak vnit\u0159n\u00ed okraj r\u00e1mu je decentn\u011b akcentov\u00e1n \u010dern\u011b lakovanou li\u0161tou s jemn\u00fdm linkov\u00fdm zlat\u00fdm p\u00e1sov\u00fdm vzorem zvan\u00fdm mo\u0159sk\u00e1 vlna. Rohy historizuj\u00edc\u00edho r\u00e1mu klasicky o\u017eivuje plasticky modelovan\u00e1 stylizace akantov\u00e9ho listu. Povrch v\u00edce jak stolet\u00e9ho p\u0159edm\u011btu, byl \u0161etrn\u011b vy\u010di\u0161t\u011bn, aby byla zachov\u00e1na p\u0159ita\u017eliv\u00e1 patina st\u00e1\u0159\u00ed. Vhodn\u00e9 k osazen\u00ed star\u0161\u00edm olejem na pl\u00e1tn\u011b, historickou grafikou, nebo poslou\u017e\u00ed jako vkusn\u00fd m\u011b\u0161\u0165ansk\u00fd zrcadlov\u00fd r\u00e1m proveden\u00fd v klasicky \u010di eklekticky lad\u011bn\u00e9m interi\u00e9ru. P\u016fvodn\u00ed dobr\u00fd stav s viditeln\u00fdm letit\u00fdm opot\u0159eben\u00edm po o\u010di\u0161t\u011bn\u00ed.<\/p>\n<p>(v\u00fd\u0161ka 72 cm x \u0161\u00ed\u0159ka 59 cm, vnit\u0159n\u00ed rozm\u011br &#8211; m\u011b\u0159eno v polodr\u00e1\u017ece 60 cm x 47 cm)<\/p>\n<p>Hmotnost kg. 2,4 kg.<\/p>","protected":false},"featured_media":356404,"template":"","meta":[],"product_brand":[],"product_cat":[106,93],"product_tag":[],"class_list":{"0":"post-356665","1":"product","2":"type-product","3":"status-publish","4":"has-post-thumbnail","6":"product_cat-novinky","7":"product_cat-starozitne-ramy","9":"first","10":"instock","11":"shipping-taxable","12":"purchasable","13":"product-type-simple"},"_links":{"self":[{"href":"https:\/\/lucickymlyn.cz\/pl\/wp-json\/wp\/v2\/product\/356665","targetHints":{"allow":["GET"]}}],"collection":[{"href":"https:\/\/lucickymlyn.cz\/pl\/wp-json\/wp\/v2\/product"}],"about":[{"href":"https:\/\/lucickymlyn.cz\/pl\/wp-json\/wp\/v2\/types\/product"}],"wp:featuredmedia":[{"embeddable":true,"href":"https:\/\/lucickymlyn.cz\/pl\/wp-json\/wp\/v2\/media\/356404"}],"wp:attachment":[{"href":"https:\/\/lucickymlyn.cz\/pl\/wp-json\/wp\/v2\/media?parent=356665"}],"wp:term":[{"taxonomy":"product_brand","embeddable":true,"href":"https:\/\/lucickymlyn.cz\/pl\/wp-json\/wp\/v2\/product_brand?post=356665"},{"taxonomy":"product_cat","embeddable":true,"href":"https:\/\/lucickymlyn.cz\/pl\/wp-json\/wp\/v2\/product_cat?post=356665"},{"taxonomy":"product_tag","embeddable":true,"href":"https:\/\/lucickymlyn.cz\/pl\/wp-json\/wp\/v2\/product_tag?post=356665"}],"curies":[{"name":"wp","href":"https:\/\/api.w.org\/{rel}","templated":true}]}}