{"id":356150,"date":"2026-08-22T11:17:45","date_gmt":"2026-08-22T09:17:45","guid":{"rendered":"https:\/\/lucickymlyn.cz\/?post_type=product&#038;p=356150"},"modified":"2026-08-22T18:44:33","modified_gmt":"2026-08-22T16:44:33","slug":"vysoka-retro-vaza-cerne-sklo-rubinovy-odlesk-geometricky-dekor-ddr","status":"publish","type":"product","link":"https:\/\/lucickymlyn.cz\/pl\/shop\/vysoka-retro-vaza-cerne-sklo-rubinovy-odlesk-geometricky-dekor-ddr\/","title":{"rendered":"Wysoka, historyczna waza w stylu retro, wykonana z ciemnoczarnego szk\u0142a, kt\u00f3ra po o\u015bwietleniu o\u017cywa rubinowym blaskiem, gustownie ozdobiona r\u0119cznie malowanym geometrycznym wzorem"},"content":{"rendered":"","protected":false},"excerpt":{"rendered":"<p>V\u00fdrazn\u011b pojat\u00e1 a tak\u00e9 vysok\u00e1 dekorativn\u00ed v\u00e1za ve tvaru doutn\u00edku, byla vyroben\u00e1 z t\u00e9m\u011b\u0159 nepr\u016fsvitn\u00e9ho \u010dern\u00e9ho skla. Jej\u00ed elegantn\u011b prota\u017een\u00e9 a m\u00edrn\u011b se zu\u017euj\u00edc\u00ed t\u011blo p\u016fsob\u00ed \u010dist\u011b, modern\u011b a velmi nad\u010dasov\u011b. P\u0159i pohledu proti velmi siln\u00e9mu sv\u011btlu se v hmot\u011b skloviny objevuje jemn\u00fd fialov\u00fd, rub\u00ednov\u00fd a\u017e temn\u011b \u010derven\u00fd pr\u016fsvit, kter\u00fd dokl\u00e1d\u00e1 v\u00e1ze hloubku a barevnou bohatost. Povrch skla zdob\u00ed ru\u010dn\u011b malovan\u00e1, v\u00fdrazn\u011b geometrick\u00e1 kompozice ve stylu vrcholn\u00e9ho stylu Art Deco \u010di retro designu druh\u00e9 poloviny 20. stolet\u00ed. \u0160t\u00edhl\u00e9 b\u00e9\u017eov\u00e9 a\u017e kr\u00e9mov\u00e9 linky vytv\u00e1\u0159ej\u00ed s\u00ed\u0165 ostr\u00fdch \u00fahl\u016f, troj\u00faheln\u00edk\u016f a prot\u00ednaj\u00edc\u00edch se diagon\u00e1l. Mezi nimi vystupuj\u00ed drobn\u00e9 barevn\u00e9 plochy v tyrkysov\u00fdch, cihlov\u011b \u010derven\u00fdch, \u0161edomodr\u00fdch a tmav\u00fdch odst\u00ednech. Vid\u00edme jemn\u00e9 r\u016f\u017eovo-\u010derven\u00e9 tahy, je\u017e dekor odleh\u010duj\u00ed a dod\u00e1vaj\u00ed mu \u017eiv\u00fd a osobit\u00fd charakter. Na t\u011ble v\u00e1zy se dochovala p\u016fvodn\u00ed pap\u00edrov\u00e1 vin\u011bta \u010di zna\u010dka. Tento autentick\u00fd detail doporu\u010dujeme ponechat na m\u00edst\u011b, nebo\u0165 dokl\u00e1d\u00e1 p\u016fvodn\u00ed obchodn\u00ed ozna\u010den\u00ed a p\u0159isp\u00edv\u00e1 k sb\u011bratelsk\u00e9 hodnot\u011b kusu. V\u00e1za se dochovala v p\u011bkn\u00e9m p\u016fvodn\u00edm stavu, s p\u0159irozen\u00fdmi drobn\u00fdmi stopami st\u00e1\u0159\u00ed a pou\u017e\u00edv\u00e1n\u00ed. P\u016fsobiv\u011b vynikne jako samostatn\u00fd solit\u00e9r, pro jeden dlouh\u00fd kv\u011bt nebo such\u00e9 aran\u017em\u00e1. Sb\u011bratelsk\u00e1 v\u00e1za vyroben\u00e1 v b\u00fdval\u00e9 DDR skv\u011ble zapadne do interi\u00e9ru s retro, Art Deco, modernistick\u00fdm \u010di eklektick\u00fdm lad\u011bn\u00edm.<\/p>\n<p>(v\u00fd\u0161ka 39 cm, pr\u016fm\u011br dna 9 cm)<\/p>\n<p>Masa 1,1 kg.<\/p>","protected":false},"featured_media":356058,"template":"","meta":[],"product_brand":[],"product_cat":[102],"product_tag":[],"class_list":{"0":"post-356150","1":"product","2":"type-product","3":"status-publish","4":"has-post-thumbnail","6":"product_cat-starozitne-sklo","8":"first","9":"instock","10":"shipping-taxable","11":"purchasable","12":"product-type-simple"},"_links":{"self":[{"href":"https:\/\/lucickymlyn.cz\/pl\/wp-json\/wp\/v2\/product\/356150","targetHints":{"allow":["GET"]}}],"collection":[{"href":"https:\/\/lucickymlyn.cz\/pl\/wp-json\/wp\/v2\/product"}],"about":[{"href":"https:\/\/lucickymlyn.cz\/pl\/wp-json\/wp\/v2\/types\/product"}],"wp:featuredmedia":[{"embeddable":true,"href":"https:\/\/lucickymlyn.cz\/pl\/wp-json\/wp\/v2\/media\/356058"}],"wp:attachment":[{"href":"https:\/\/lucickymlyn.cz\/pl\/wp-json\/wp\/v2\/media?parent=356150"}],"wp:term":[{"taxonomy":"product_brand","embeddable":true,"href":"https:\/\/lucickymlyn.cz\/pl\/wp-json\/wp\/v2\/product_brand?post=356150"},{"taxonomy":"product_cat","embeddable":true,"href":"https:\/\/lucickymlyn.cz\/pl\/wp-json\/wp\/v2\/product_cat?post=356150"},{"taxonomy":"product_tag","embeddable":true,"href":"https:\/\/lucickymlyn.cz\/pl\/wp-json\/wp\/v2\/product_tag?post=356150"}],"curies":[{"name":"wp","href":"https:\/\/api.w.org\/{rel}","templated":true}]}}