{"id":342685,"date":"2026-02-14T17:53:09","date_gmt":"2026-02-14T16:53:09","guid":{"rendered":"https:\/\/lucickymlyn.cz\/?post_type=product&#038;p=342685"},"modified":"2026-02-21T20:30:27","modified_gmt":"2026-02-21T19:30:27","slug":"sberatelska-sada-papirovych-sacku-na-zitnou-kavu-prazka","status":"publish","type":"product","link":"https:\/\/lucickymlyn.cz\/pl\/shop\/sberatelska-sada-papirovych-sacku-na-zitnou-kavu-prazka\/","title":{"rendered":"Pi\u0119kna i niezwykle interesuj\u0105ca kolekcja oryginalnych papierowych torebek na kaw\u0119 \u017cytni\u0105, przedstawiaj\u0105ca u\u015bmiechni\u0119t\u0105 dziewczynk\u0119 z czerwon\u0105 wst\u0105\u017ck\u0105 i napisem PRA\u017dKA \u2013 3 sztuki, Czechos\u0142owacja, 1. po\u0142. XX w."},"content":{"rendered":"","protected":false},"excerpt":{"rendered":"<p>Sb\u011bratelsky atraktivn\u00ed prvorepublikov\u00e1 sada t\u0159\u00ed p\u016fvodn\u00edch reklamn\u00edch pap\u00edrov\u00fdch s\u00e1\u010dk\u016f na \u017eitnou k\u00e1vu Pra\u017eka. Dnes ji\u017e vz\u00e1cn\u00fd a p\u0159\u00edmo ikonick\u00fd obal hl\u00e1s\u00e1 \u201eZ PRA\u017dKY K\u00c1VA ZDRAV\u00cd D\u00c1V\u00c1\u201d. Na\u0161e nepou\u017eit\u00e1 kolekce s\u00e1\u010dk\u016f se pou\u017e\u00edvala na balen\u00ed n\u00e1hra\u017ekov\u00e9 k\u00e1vy v prvorepublikov\u00e9m koloni\u00e1lu. Graficky v\u00fdrazn\u00e9 s\u00e1\u010dky s typickou d\u00edv\u010d\u00ed reklamn\u00ed ilustrac\u00ed a jasn\u00fdm zna\u010den\u00edm Pra\u017eka \u2013 \u017eitn\u00e1 k\u00e1va pat\u0159\u00ed k dnes u\u017e pom\u011brn\u011b vz\u00e1cn\u011b dochovan\u00fdm doklad\u016fm ka\u017edodenn\u00ed vizu\u00e1ln\u00ed kultury sv\u00e9 doby. S\u00e1\u010dky jsou dochovan\u00e9 v p\u011bkn\u00e9m p\u016fvodn\u00edm stavu, s p\u0159irozenou patinou pap\u00edru a zcela bez po\u0161kozen\u00ed i opot\u0159eben\u00ed, co\u017e je u spot\u0159ebn\u00edch obal\u016f tohoto typu sp\u00ed\u0161e v\u00fdjimkou ne\u017e pravidlem. Hezk\u00fd p\u0159\u00edklad dobov\u00e9 reklamy, kter\u00e1 spojovala funk\u010dnost s v\u00fdraznou, snadno zapamatovatelnou grafikou \u2013 p\u0159esn\u011b ten typ p\u0159edm\u011btu, kter\u00fd funguje jak ve sb\u00edrce, tak jako stylov\u00e1 dekorace do kav\u00e1rny, interi\u00e9ru nebo muzejn\u00ed vitr\u00edny. Autentick\u00fd fragment ka\u017edodennosti prvn\u00ed republiky, kter\u00fd dnes p\u0159ipom\u00edn\u00e1 dobu, kdy i oby\u010dejn\u00fd pytl\u00edk na k\u00e1vu m\u011bl jasnou tv\u00e1\u0159 a charakter.<\/p>\n<p>(v\u00fd\u0161ka 20 cm x \u0161\u00ed\u0159ka 10 cm x hloubka 4 cm)<\/p>\n<p>Hmotnost 30 g\/sada.<\/p>\n<p>Uveden\u00e1 cena je za sadu 3 kus\u016f.<\/p>","protected":false},"featured_media":342468,"template":"","meta":[],"product_brand":[],"product_cat":[91],"product_tag":[],"class_list":{"0":"post-342685","1":"product","2":"type-product","3":"status-publish","4":"has-post-thumbnail","6":"product_cat-reklamni-predmety","8":"first","9":"instock","10":"shipping-taxable","11":"purchasable","12":"product-type-simple"},"_links":{"self":[{"href":"https:\/\/lucickymlyn.cz\/pl\/wp-json\/wp\/v2\/product\/342685","targetHints":{"allow":["GET"]}}],"collection":[{"href":"https:\/\/lucickymlyn.cz\/pl\/wp-json\/wp\/v2\/product"}],"about":[{"href":"https:\/\/lucickymlyn.cz\/pl\/wp-json\/wp\/v2\/types\/product"}],"wp:featuredmedia":[{"embeddable":true,"href":"https:\/\/lucickymlyn.cz\/pl\/wp-json\/wp\/v2\/media\/342468"}],"wp:attachment":[{"href":"https:\/\/lucickymlyn.cz\/pl\/wp-json\/wp\/v2\/media?parent=342685"}],"wp:term":[{"taxonomy":"product_brand","embeddable":true,"href":"https:\/\/lucickymlyn.cz\/pl\/wp-json\/wp\/v2\/product_brand?post=342685"},{"taxonomy":"product_cat","embeddable":true,"href":"https:\/\/lucickymlyn.cz\/pl\/wp-json\/wp\/v2\/product_cat?post=342685"},{"taxonomy":"product_tag","embeddable":true,"href":"https:\/\/lucickymlyn.cz\/pl\/wp-json\/wp\/v2\/product_tag?post=342685"}],"curies":[{"name":"wp","href":"https:\/\/api.w.org\/{rel}","templated":true}]}}