{"id":333196,"date":"2025-09-27T07:00:53","date_gmt":"2025-09-27T05:00:53","guid":{"rendered":"https:\/\/lucickymlyn.cz\/?post_type=product&#038;p=333196"},"modified":"2025-10-04T18:28:32","modified_gmt":"2025-10-04T16:28:32","slug":"starozitny-secesni-malovany-darkovy-dzbanek","status":"publish","type":"product","link":"https:\/\/lucickymlyn.cz\/pl\/shop\/starozitny-secesni-malovany-darkovy-dzbanek\/","title":{"rendered":"Antyczny secesyjny malowany dzbanek prezentowy z dmuchanego szk\u0142a w kolorze kobaltowego b\u0142\u0119kitu, zdobiony g\u0142\u00f3wnie bia\u0142ym motywem kwiatowym"},"content":{"rendered":"","protected":false},"excerpt":{"rendered":"<p>Pam\u00e1te\u010dn\u00ed d\u017eb\u00e1nek s ni\u017e\u0161\u00ed kulatou a okrajov\u011b zaoblenou podstavou m\u00e1 n\u00e1padn\u011b \u0161ir\u0161\u00ed a podsaditou spodn\u00ed \u010d\u00e1st. T\u011blo kobaltov\u011b modr\u00e9 n\u00e1doby se od poloviny sv\u00e9 v\u00fd\u0161ky m\u00edrn\u011b zu\u017euje na konstantn\u00ed pr\u016fm\u011br a\u017e k horn\u00edmu okraji. Hladce soustru\u017eenou siluetu vinn\u00e9ho d\u017eb\u00e1nku, o\u017eivuje t\u00e9m\u011b\u0159 kruhov\u00e9 ou\u0161ko pro dva prsty. Pohledov\u00e1 plocha n\u00e1doby je zdobena bohatou emailovou malbou se stylizovan\u00fdm kv\u011btinov\u00fdm motivem a okrasn\u00fdm n\u00e1pisem \u201eNa pam\u00e1tku\u201c. Autenticitu citliv\u011b dokresluje jemn\u00e9, ale ji\u017e lety om\u0161el\u00e9 zlacen\u00ed na horn\u00edm i spodn\u00edm okraji. Modr\u00e9 sklo s vnit\u0159n\u00edm plastick\u00fdm vzorem, tvo\u0159en\u00fdm zaoblen\u00fdmi medailonky, p\u016fsob\u00ed d\u00edky hrav\u00fdm sv\u011bteln\u00fdm efekt\u016fm nejen zaj\u00edmav\u011b, ale i slavnostn\u011b. Skl\u00e1\u0159sk\u00e9 d\u00edlko ze z\u00e1v\u011bru 19. stolet\u00ed, u\u017e\u00edv\u00e1 osv\u011bd\u010den\u00e9 kombinace tmav\u0161\u00edho povrchu a malovan\u00fdch b\u00edl\u00fdch kv\u011bt\u016f, tentokr\u00e1t s drobn\u00fdmi akcenty \u017elut\u00e9 a oran\u017eov\u00e9. Drobn\u00e9 bublinky ve skle a charakteristick\u00e9 stopy ru\u010dn\u00edho proveden\u00ed, podtrhuj\u00ed jeho historick\u00fd charakter. Tyto kr\u00e1sn\u00e9 kousky b\u00fdvaly \u010dasto po\u0159izov\u00e1ny jako upom\u00ednka na pout\u011b, svatby \u010di v\u00fdznamn\u00e9 \u017eivotn\u00ed ud\u00e1losti a p\u0159ed\u00e1valy se jako dar \u201ena pam\u00e1tku\u201c. Tento d\u017eb\u00e1nek se zachoval ve velmi dobr\u00e9m stavu, zcela bez po\u0161kozen\u00ed pouze se stopami st\u00e1\u0159\u00ed na linkov\u00e9m zlacen\u00ed, co\u017e potvrzuje jeho autenti\u010dnost. Drobn\u00fd z\u00e1brus na ou\u0161ku nen\u00ed poz\u016fstatkem po c\u00ednov\u00e9 mont\u00e1\u017ei s v\u00ed\u010dkem. Skl\u00e1\u0159i takto d\u00e1vali mo\u017enost, n\u00e1dobku c\u00ednovou mont\u00e1\u017e\u00ed p\u0159\u00edpadn\u011b osadit, dle p\u0159\u00e1n\u00ed z\u00e1kazn\u00edka.<\/p>\n<p>(v\u00fd\u0161ka 15 cm, pr\u016fm\u011br hrdlo 7 cm)<\/p>\n<p>Masa 0,3 kg.<\/p>","protected":false},"featured_media":332773,"template":"","meta":[],"product_brand":[],"product_cat":[102,208],"product_tag":[],"class_list":{"0":"post-333196","1":"product","2":"type-product","3":"status-publish","4":"has-post-thumbnail","6":"product_cat-starozitne-sklo","7":"product_cat-darky","9":"first","10":"instock","11":"shipping-taxable","12":"purchasable","13":"product-type-simple"},"_links":{"self":[{"href":"https:\/\/lucickymlyn.cz\/pl\/wp-json\/wp\/v2\/product\/333196","targetHints":{"allow":["GET"]}}],"collection":[{"href":"https:\/\/lucickymlyn.cz\/pl\/wp-json\/wp\/v2\/product"}],"about":[{"href":"https:\/\/lucickymlyn.cz\/pl\/wp-json\/wp\/v2\/types\/product"}],"wp:featuredmedia":[{"embeddable":true,"href":"https:\/\/lucickymlyn.cz\/pl\/wp-json\/wp\/v2\/media\/332773"}],"wp:attachment":[{"href":"https:\/\/lucickymlyn.cz\/pl\/wp-json\/wp\/v2\/media?parent=333196"}],"wp:term":[{"taxonomy":"product_brand","embeddable":true,"href":"https:\/\/lucickymlyn.cz\/pl\/wp-json\/wp\/v2\/product_brand?post=333196"},{"taxonomy":"product_cat","embeddable":true,"href":"https:\/\/lucickymlyn.cz\/pl\/wp-json\/wp\/v2\/product_cat?post=333196"},{"taxonomy":"product_tag","embeddable":true,"href":"https:\/\/lucickymlyn.cz\/pl\/wp-json\/wp\/v2\/product_tag?post=333196"}],"curies":[{"name":"wp","href":"https:\/\/api.w.org\/{rel}","templated":true}]}}