{"id":300362,"date":"2024-04-27T18:34:01","date_gmt":"2024-04-27T16:34:01","guid":{"rendered":"https:\/\/lucickymlyn.cz\/?post_type=product&#038;p=300362"},"modified":"2024-05-04T20:42:37","modified_gmt":"2024-05-04T18:42:37","slug":"vyssi-starozitny-secesni-krucifix","status":"publish","type":"product","link":"https:\/\/lucickymlyn.cz\/pl\/shop\/vyssi-starozitny-secesni-krucifix\/","title":{"rendered":"Wysoki, zabytkowy krucyfiks w stylu secesyjnym, wykonany z odlewanego i posrebrzanego cyny, z ciemn\u0105 cynow\u0105 figurk\u0105 Zbawiciela z pocz\u0105tku XX wieku."},"content":{"rendered":"","protected":false},"excerpt":{"rendered":"<p>V\u00fdrazn\u011b secesn\u011b stylizovan\u00fd k\u0159\u00ed\u017eek m\u00e1 nev\u0161edn\u00ed tvar. \u0160irok\u00e1, v\u00e1lcov\u00e1, zvonovit\u011b rozev\u0159en\u00e1, podstava je symetricky zakon\u010dena \u010dty\u0159mi ploch\u00fdmi, flor\u00e1ln\u011b stylizovan\u00fdmi tlapkami. Hran\u011bn\u00fd p\u0159echod zvonovit\u00e9 podstavy do t\u011bla k\u0159\u00ed\u017ee je po stran\u00e1ch ok\u00e1zale vyztu\u017een secesn\u011b gotizuj\u00edc\u00ed pro\u0159ez\u00e1vanou okenn\u00ed m\u0159\u00ed\u017ekou, z\u00e1m\u011brn\u011b evokuj\u00edc\u00ed katedr\u00e1lov\u00e1 kru\u017ebov\u00e1 okna. Tak\u00e9 na st\u0159edn\u00ed \u010d\u00e1sti k\u0159\u00ed\u017ee jsou pro\u0159ez\u00e1van\u00e9 symbolick\u00e9 prvky s p\u0159\u00edzdobami vych\u00e1zej\u00edc\u00ed ze zjednodu\u0161en\u00e9ho motivu lilie. Postavi\u010dka trpitele &#8211; Je\u017e\u00ed\u0161e Krista je t\u00e9\u017e z c\u00ednov\u00e9 slitiny, av\u0161ak z\u00e1m\u011brn\u011b kontrastn\u011b odli\u0161ena od le\u0161t\u011bn\u00e9ho niklu p\u0159irozenou tmavou patinou. Ojedin\u011bl\u00fd secesn\u00ed krucifix s v\u00fdrazn\u011b symbolistn\u00edm v\u00fdrazem. Dob\u0159e zachoval\u00fd sakr\u00e1ln\u00ed p\u0159edm\u011bt, vyroben\u00fd v men\u0161\u00ed s\u00e9rii, poch\u00e1z\u00ed z bohat\u0161\u00edho m\u011b\u0161\u0165ansk\u00e9ho prost\u0159ed\u00ed. Origin\u00e1ln\u00ed a vkusn\u00e1 staro\u017eitn\u00e1 dekorace i symbol k\u0159es\u0165ansk\u00e9 v\u00edry. Secesn\u00ed krucifix je po citliv\u00e9m vy\u010di\u0161t\u011bn\u00ed, p\u0159ele\u0161t\u011bn\u00ed a konzervaci.<\/p>\n<p>(v\u00fd\u0161ka 44 cm x 18 cm x 16,5 cm)<\/p>\n<p>Masa 1,5 kg.<\/p>","protected":false},"featured_media":300175,"template":"","meta":[],"product_brand":[],"product_cat":[100],"product_tag":[],"class_list":{"0":"post-300362","1":"product","2":"type-product","3":"status-publish","4":"has-post-thumbnail","6":"product_cat-nabozenska-tematika","8":"first","9":"instock","10":"shipping-taxable","11":"purchasable","12":"product-type-simple"},"_links":{"self":[{"href":"https:\/\/lucickymlyn.cz\/pl\/wp-json\/wp\/v2\/product\/300362","targetHints":{"allow":["GET"]}}],"collection":[{"href":"https:\/\/lucickymlyn.cz\/pl\/wp-json\/wp\/v2\/product"}],"about":[{"href":"https:\/\/lucickymlyn.cz\/pl\/wp-json\/wp\/v2\/types\/product"}],"wp:featuredmedia":[{"embeddable":true,"href":"https:\/\/lucickymlyn.cz\/pl\/wp-json\/wp\/v2\/media\/300175"}],"wp:attachment":[{"href":"https:\/\/lucickymlyn.cz\/pl\/wp-json\/wp\/v2\/media?parent=300362"}],"wp:term":[{"taxonomy":"product_brand","embeddable":true,"href":"https:\/\/lucickymlyn.cz\/pl\/wp-json\/wp\/v2\/product_brand?post=300362"},{"taxonomy":"product_cat","embeddable":true,"href":"https:\/\/lucickymlyn.cz\/pl\/wp-json\/wp\/v2\/product_cat?post=300362"},{"taxonomy":"product_tag","embeddable":true,"href":"https:\/\/lucickymlyn.cz\/pl\/wp-json\/wp\/v2\/product_tag?post=300362"}],"curies":[{"name":"wp","href":"https:\/\/api.w.org\/{rel}","templated":true}]}}