{"id":288565,"date":"2023-11-11T19:22:24","date_gmt":"2023-11-11T18:22:24","guid":{"rendered":"https:\/\/lucickymlyn.cz\/?post_type=product&#038;p=288565"},"modified":"2023-11-18T19:52:34","modified_gmt":"2023-11-18T18:52:34","slug":"vzacny-rondokubisticky-komplet-stul-se-ctyrmi-zidlemi","status":"publish","type":"product","link":"https:\/\/lucickymlyn.cz\/pl\/shop\/vzacny-rondokubisticky-komplet-stul-se-ctyrmi-zidlemi\/","title":{"rendered":"Rzadki komplet w stylu rondokubistycznym \u2013 st\u00f3\u0142 z czterema krzes\u0142ami w stylu narodowym, o\u017cywiony malowanymi elementami folklorystycznymi"},"content":{"rendered":"","protected":false},"excerpt":{"rendered":"<p>Ojedin\u011bl\u00fd navrhovan\u00fd j\u00eddeln\u00ed st\u016fl se \u010dty\u0159mi deskov\u00fdmi \u017eidlemi, n\u00e1padit\u011b odkazuj\u00edc\u00ed na tradi\u010dn\u00ed historick\u00e9 konstrukce, charakteristick\u00e9 pro styl lidov\u00e9ho baroka. Nad\u0161en\u00fd architekt na do\u017e\u00edvaj\u00edc\u00ed, lidov\u011b barokn\u00ed odkaz, citliv\u011b aplikoval stylov\u00e9 prvky, tehdy nov\u00e9ho a modern\u00edho oblou\u010dkov\u00e9ho stylu. J\u00eddeln\u00ed obd\u00e9ln\u00edkov\u00fd st\u016fl m\u00e1 deskov\u00e9, hladce vykrojen\u00e9, nohy \u0161ikmo ukotven\u00e9 do klasick\u00e9ho rybinov\u00e9ho spoje, vyztu\u017euj\u00edc\u00edho desku z kl\u00ed\u017een\u00fdch prken. \u0160iroce rozkro\u010den\u00e9 deskov\u00e9 nohy, pevn\u011b propojuj\u00ed dv\u011b hranolov\u00e9 trno\u017ee. Pod deskou je osazeno \u0161irok\u00e9 \u0161uple s p\u016fvodn\u00edm funk\u010dn\u00edm z\u00e1mkem. Tak jako konstrukce stolu vych\u00e1z\u00ed z historick\u00fdch model\u016f, tak i \u017eidle jsou navr\u017eeny v historick\u00e9m, renesan\u010dn\u011b barokn\u00edm, odkazu.<\/p>\n<p>Komplet byl truhl\u00e1\u0159sky, strojn\u011b, vyroben ze smrkov\u00e9ho d\u0159eva a jeho povrch citliv\u011b kolorov\u00e1n, aby upom\u00ednal na historick\u00e9 lidov\u00e9 tradice, ale ji\u017e ve zcela nov\u00e9m a modern\u00edm n\u00e1rodn\u00edm stylu. Tento vz\u00e1cn\u00fd a hezky zachoval\u00fd komplet, byl zpevn\u011bn a \u010d\u00e1ste\u010dn\u011b opraven zejm\u00e9na na frekventovan\u00fdch okraj\u00edch. P\u016fvodn\u00ed kolorovan\u00fd povrch, byl pouze vy\u010di\u0161t\u011bn a napu\u0161t\u011bn kvalitn\u00edm konzerva\u010dn\u00edm p\u0159\u00edpravkem. Hodnotn\u00fd rondokubistick\u00fd j\u00eddeln\u00ed st\u016fl se \u017eidlemi poch\u00e1z\u00ed z obdob\u00ed do roku 1920. Tento ojedin\u011bl\u00fd a velmi zachoval\u00fd komplet je sv\u00fdm vrcholn\u011b kubistick\u00fdm architektonick\u00fdm proveden\u00edm vz\u00e1cnou uk\u00e1zkou ryze \u010deskoslovensk\u00e9ho pojet\u00ed interi\u00e9ru. Pro svou jedine\u010dnost i vz\u00e1cnost je komplet vhodn\u00fd pro dopln\u011bn\u00ed muzejn\u00edch sb\u00edrek, kter\u00e9 t\u011bmito modely nejsp\u00ed\u0161e nedisponuj\u00ed. D\u00e1le je vhodn\u00fd pro nad\u0161en\u00e9 sb\u011bratele a zvl\u00e1\u0161t\u011b vlastn\u00edky hodnotn\u00fdch kubistick\u00fdch a kubizuj\u00edc\u00edch dom\u016f, kde se zpravidla jejich p\u016fvodn\u00ed navr\u017een\u00fd n\u00e1bytek ji\u017e nedochoval.<\/p>\n<p>(st\u016fl &#8211; v\u00fd\u0161ka 81 cm x 112 cm x 82 cm; \u017eidle &#8211; celkov\u00e1 v\u00fd\u0161ka 93 cm, sed\u00e1k v\u00fd\u0161ka 48 cm x 31 cm)<\/p>\n<p>Hmotnost (39+6,6&#215;4) 65,4 kg\/komplet.<\/p>","protected":false},"featured_media":288300,"template":"","meta":[],"product_brand":[],"product_cat":[89],"product_tag":[189],"class_list":{"0":"post-288565","1":"product","2":"type-product","3":"status-publish","4":"has-post-thumbnail","6":"product_cat-mestansky-nabytek","7":"product_tag-exkluzivni-starozitnosti","8":"product_shipping_class-d-leh-kamen","10":"first","11":"instock","12":"shipping-taxable","13":"purchasable","14":"product-type-simple"},"_links":{"self":[{"href":"https:\/\/lucickymlyn.cz\/pl\/wp-json\/wp\/v2\/product\/288565","targetHints":{"allow":["GET"]}}],"collection":[{"href":"https:\/\/lucickymlyn.cz\/pl\/wp-json\/wp\/v2\/product"}],"about":[{"href":"https:\/\/lucickymlyn.cz\/pl\/wp-json\/wp\/v2\/types\/product"}],"wp:featuredmedia":[{"embeddable":true,"href":"https:\/\/lucickymlyn.cz\/pl\/wp-json\/wp\/v2\/media\/288300"}],"wp:attachment":[{"href":"https:\/\/lucickymlyn.cz\/pl\/wp-json\/wp\/v2\/media?parent=288565"}],"wp:term":[{"taxonomy":"product_brand","embeddable":true,"href":"https:\/\/lucickymlyn.cz\/pl\/wp-json\/wp\/v2\/product_brand?post=288565"},{"taxonomy":"product_cat","embeddable":true,"href":"https:\/\/lucickymlyn.cz\/pl\/wp-json\/wp\/v2\/product_cat?post=288565"},{"taxonomy":"product_tag","embeddable":true,"href":"https:\/\/lucickymlyn.cz\/pl\/wp-json\/wp\/v2\/product_tag?post=288565"}],"curies":[{"name":"wp","href":"https:\/\/api.w.org\/{rel}","templated":true}]}}